{"id":948,"date":"2025-05-14T09:14:27","date_gmt":"2025-05-14T00:14:27","guid":{"rendered":"https:\/\/testing17.apps.gov.tl\/inicial\/"},"modified":"2025-08-25T18:09:32","modified_gmt":"2025-08-25T09:09:32","slug":"","status":"publish","type":"page","link":"https:\/\/mcae.gov.tl\/pt-pt\/","title":{"rendered":"Inicial"},"content":{"rendered":"<div class=\"ultp-shortcode\" data-postid=\"2489\">\n<div class=\"wp-block-ultimate-post-row ultp-block-d54b62\"><div class=\"ultp-row-wrapper\"><div class=\"ultp-row-content\">\n<div class=\"wp-block-ultimate-post-column ultp-block-41c138\"><div class=\"ultp-column-wrapper\"><div  class=\"wp-block-ultimate-post-post-slider-2 ultp-block-ab60b8\"><div class=\"ultp-block-wrapper\"><div class=\"ultp-block-items-wrap ultp-slide-slide8\" data-layout=\"slide8\"  data-arrows=\"1\" data-dots=\"\" data-autoplay=\"1\" data-slidespeed=\"3000\" data-fade=\"1\" data-slidelg=\"1\" data-slidesm=\"1\" data-slidexs=\"1\" \r\n                        data-paddlg=\"160\" data-paddsm=\"100\" data-paddxs=\"50\"><div class=\"ultp-block-item post-id-4846\"><div><div class=\"ultp-block-slider-wrap\"><div class=\"ultp-block-image-inner\"><div class=\"ultp-block-image \"><a href=\"https:\/\/mcae.gov.tl\/pt-pt\/disseminacao-de-informacao-sobre-a-omc-aos-estudantes-da-unpaz\/\" ><img decoding=\"async\"  alt=\"Dissemina\u00e7\u00e3o de Informa\u00e7\u00e3o sobre a OMC aos Estudantes da UNPAZ\"  src=\"https:\/\/mcae.gov.tl\/wp-content\/uploads\/2026\/04\/IMG_9708-scaled.jpg\" \/><\/a><\/div><\/div><div class=\"ultp-block-content ultp-block-content-bottomPosition ultp-block-content-leftPosition\"><div class=\"ultp-block-content-inner\"><h3 class=\"ultp-block-title \"><a href=\"https:\/\/mcae.gov.tl\/pt-pt\/disseminacao-de-informacao-sobre-a-omc-aos-estudantes-da-unpaz\/\" >Dissemina\u00e7\u00e3o de Informa\u00e7\u00e3o sobre a OMC aos Estudantes da UNPAZ<\/a><\/h3><div class=\"ultp-block-readmore\"><a aria-label=\"Dissemina\u00e7\u00e3o de Informa\u00e7\u00e3o sobre a OMC aos Estudantes da UNPAZ\" href=\"https:\/\/mcae.gov.tl\/pt-pt\/disseminacao-de-informacao-sobre-a-omc-aos-estudantes-da-unpaz\/\" >Ler mais<svg xmlns=\"http:\/\/www.w3.org\/2000\/svg\" viewBox=\"0 0 49.16 37.25\"><path stroke=\"rgba(0,0,0,0)\" stroke-miterlimit=\"10\" d=\"M28.1 36.154a2.048 2.048 0 0 1 0-2.9l12.5-12.5H2.55a2.05 2.05 0 1 1 0-4.1H40.6l-12.5-12.5a2.05 2.05 0 1 1 2.9-2.9l17.45 17.448L31 36.154a2.047 2.047 0 0 1-2.9 0Z\"\/><\/svg><\/a><\/div><\/div><\/div><\/div><\/div><\/div><div class=\"ultp-block-item post-id-4580\"><div><div class=\"ultp-block-slider-wrap\"><div class=\"ultp-block-image-inner\"><div class=\"ultp-block-image \"><a href=\"https:\/\/mcae.gov.tl\/pt-pt\/mcae-realiza-mesa-redonda-com-o-setor-privado-para-reforcar-o-desenvolvimento-economico\/\" ><img decoding=\"async\"  alt=\"MCAE Realiza Mesa Redonda com o Setor Privado para Refor\u00e7ar o Desenvolvimento Econ\u00f3mico\"  src=\"https:\/\/mcae.gov.tl\/wp-content\/uploads\/2026\/03\/IMG_9060-1-scaled.jpg\" \/><\/a><\/div><\/div><div class=\"ultp-block-content ultp-block-content-bottomPosition ultp-block-content-leftPosition\"><div class=\"ultp-block-content-inner\"><h3 class=\"ultp-block-title \"><a href=\"https:\/\/mcae.gov.tl\/pt-pt\/mcae-realiza-mesa-redonda-com-o-setor-privado-para-reforcar-o-desenvolvimento-economico\/\" >MCAE Realiza Mesa Redonda com o Setor Privado para Refor\u00e7ar o Desenvolvimento Econ\u00f3mico<\/a><\/h3><div class=\"ultp-block-readmore\"><a aria-label=\"MCAE Realiza Mesa Redonda com o Setor Privado para Refor\u00e7ar o Desenvolvimento Econ\u00f3mico\" href=\"https:\/\/mcae.gov.tl\/pt-pt\/mcae-realiza-mesa-redonda-com-o-setor-privado-para-reforcar-o-desenvolvimento-economico\/\" >Ler mais<svg xmlns=\"http:\/\/www.w3.org\/2000\/svg\" viewBox=\"0 0 49.16 37.25\"><path stroke=\"rgba(0,0,0,0)\" stroke-miterlimit=\"10\" d=\"M28.1 36.154a2.048 2.048 0 0 1 0-2.9l12.5-12.5H2.55a2.05 2.05 0 1 1 0-4.1H40.6l-12.5-12.5a2.05 2.05 0 1 1 2.9-2.9l17.45 17.448L31 36.154a2.047 2.047 0 0 1-2.9 0Z\"\/><\/svg><\/a><\/div><\/div><\/div><\/div><\/div><\/div><div class=\"ultp-block-item post-id-4558\"><div><div class=\"ultp-block-slider-wrap\"><div class=\"ultp-block-image-inner\"><div class=\"ultp-block-image \"><a href=\"https:\/\/mcae.gov.tl\/pt-pt\/discussao-tecnica-entre-o-mcae-e-o-mpie-sobre-o-plano-de-medio-prazo-2026-2030\/\" ><img decoding=\"async\"  alt=\"DISCUSS\u00c3O T\u00c9CNICA ENTRE O MCAE E O MPIE SOBRE O PLANO DE M\u00c9DIO PRAZO 2026\u20132030\"  src=\"https:\/\/mcae.gov.tl\/wp-content\/uploads\/2026\/03\/IMG_8943-scaled.jpg\" \/><\/a><\/div><\/div><div class=\"ultp-block-content ultp-block-content-bottomPosition ultp-block-content-leftPosition\"><div class=\"ultp-block-content-inner\"><h3 class=\"ultp-block-title \"><a href=\"https:\/\/mcae.gov.tl\/pt-pt\/discussao-tecnica-entre-o-mcae-e-o-mpie-sobre-o-plano-de-medio-prazo-2026-2030\/\" >DISCUSS\u00c3O T\u00c9CNICA ENTRE O MCAE E O MPIE SOBRE O PLANO DE M\u00c9DIO PRAZO 2026\u20132030<\/a><\/h3><div class=\"ultp-block-readmore\"><a aria-label=\"DISCUSS\u00c3O T\u00c9CNICA ENTRE O MCAE E O MPIE SOBRE O PLANO DE M\u00c9DIO PRAZO 2026\u20132030\" href=\"https:\/\/mcae.gov.tl\/pt-pt\/discussao-tecnica-entre-o-mcae-e-o-mpie-sobre-o-plano-de-medio-prazo-2026-2030\/\" >Ler mais<svg xmlns=\"http:\/\/www.w3.org\/2000\/svg\" viewBox=\"0 0 49.16 37.25\"><path stroke=\"rgba(0,0,0,0)\" stroke-miterlimit=\"10\" d=\"M28.1 36.154a2.048 2.048 0 0 1 0-2.9l12.5-12.5H2.55a2.05 2.05 0 1 1 0-4.1H40.6l-12.5-12.5a2.05 2.05 0 1 1 2.9-2.9l17.45 17.448L31 36.154a2.047 2.047 0 0 1-2.9 0Z\"\/><\/svg><\/a><\/div><\/div><\/div><\/div><\/div><\/div><div class=\"ultp-block-item post-id-4547\"><div><div class=\"ultp-block-slider-wrap\"><div class=\"ultp-block-image-inner\"><div class=\"ultp-block-image \"><a href=\"https:\/\/mcae.gov.tl\/pt-pt\/coordenador-geral-do-mcae-participa-na-enkontru-avaliacao-estrategica-de-propostas-de-investimento-para-reforcar-o-setor-produtivo\/\" ><img decoding=\"async\"  alt=\"Coordenador-Geral do MCAE participa na enkontru Avalia\u00e7\u00e3o Estrat\u00e9gica de Propostas de Investimento para Refor\u00e7ar o Setor Produtivo\"  src=\"https:\/\/mcae.gov.tl\/wp-content\/uploads\/2026\/03\/IMG_8828-scaled.jpg\" \/><\/a><\/div><\/div><div class=\"ultp-block-content ultp-block-content-bottomPosition ultp-block-content-leftPosition\"><div class=\"ultp-block-content-inner\"><h3 class=\"ultp-block-title \"><a href=\"https:\/\/mcae.gov.tl\/pt-pt\/coordenador-geral-do-mcae-participa-na-enkontru-avaliacao-estrategica-de-propostas-de-investimento-para-reforcar-o-setor-produtivo\/\" >Coordenador-Geral do MCAE participa na enkontru Avalia\u00e7\u00e3o Estrat\u00e9gica de Propostas de Investimento para Refor\u00e7ar o Setor Produtivo<\/a><\/h3><div class=\"ultp-block-readmore\"><a aria-label=\"Coordenador-Geral do MCAE participa na enkontru Avalia\u00e7\u00e3o Estrat\u00e9gica de Propostas de Investimento para Refor\u00e7ar o Setor Produtivo\" href=\"https:\/\/mcae.gov.tl\/pt-pt\/coordenador-geral-do-mcae-participa-na-enkontru-avaliacao-estrategica-de-propostas-de-investimento-para-reforcar-o-setor-produtivo\/\" >Ler mais<svg xmlns=\"http:\/\/www.w3.org\/2000\/svg\" viewBox=\"0 0 49.16 37.25\"><path stroke=\"rgba(0,0,0,0)\" stroke-miterlimit=\"10\" d=\"M28.1 36.154a2.048 2.048 0 0 1 0-2.9l12.5-12.5H2.55a2.05 2.05 0 1 1 0-4.1H40.6l-12.5-12.5a2.05 2.05 0 1 1 2.9-2.9l17.45 17.448L31 36.154a2.047 2.047 0 0 1-2.9 0Z\"\/><\/svg><\/a><\/div><\/div><\/div><\/div><\/div><\/div><div class=\"ultp-block-item post-id-4538\"><div><div class=\"ultp-block-slider-wrap\"><div class=\"ultp-block-image-inner\"><div class=\"ultp-block-image \"><a href=\"https:\/\/mcae.gov.tl\/pt-pt\/mcae-recebe-visita-de-cortesia-da-delegacao-economica-e-comercial-de-hong-kong\/\" ><img decoding=\"async\"  alt=\"MCAE Recebe Visita de Cortesia da Delega\u00e7\u00e3o Econ\u00f3mica e Comercial de Hong Kong\"  src=\"https:\/\/mcae.gov.tl\/wp-content\/uploads\/2026\/03\/IMG_3359-scaled.jpg\" \/><\/a><\/div><\/div><div class=\"ultp-block-content ultp-block-content-bottomPosition ultp-block-content-leftPosition\"><div class=\"ultp-block-content-inner\"><h3 class=\"ultp-block-title \"><a href=\"https:\/\/mcae.gov.tl\/pt-pt\/mcae-recebe-visita-de-cortesia-da-delegacao-economica-e-comercial-de-hong-kong\/\" >MCAE Recebe Visita de Cortesia da Delega\u00e7\u00e3o Econ\u00f3mica e Comercial de Hong Kong<\/a><\/h3><div class=\"ultp-block-readmore\"><a aria-label=\"MCAE Recebe Visita de Cortesia da Delega\u00e7\u00e3o Econ\u00f3mica e Comercial de Hong Kong\" href=\"https:\/\/mcae.gov.tl\/pt-pt\/mcae-recebe-visita-de-cortesia-da-delegacao-economica-e-comercial-de-hong-kong\/\" >Ler mais<svg xmlns=\"http:\/\/www.w3.org\/2000\/svg\" viewBox=\"0 0 49.16 37.25\"><path stroke=\"rgba(0,0,0,0)\" stroke-miterlimit=\"10\" d=\"M28.1 36.154a2.048 2.048 0 0 1 0-2.9l12.5-12.5H2.55a2.05 2.05 0 1 1 0-4.1H40.6l-12.5-12.5a2.05 2.05 0 1 1 2.9-2.9l17.45 17.448L31 36.154a2.047 2.047 0 0 1-2.9 0Z\"\/><\/svg><\/a><\/div><\/div><\/div><\/div><\/div><\/div><\/div><div class=\"ultp-slick-nav\" style=\"display:none\"><div class=\"ultp-slick-prev\"><div class=\"slick-arrow slick-prev\"><svg enable-background=\"new 0 0 477.175 477.175\" version=\"1.1\" viewBox=\"0 0 477.18 477.18\"><path d=\"m145.19 238.58 215.5-215.5c5.3-5.3 5.3-13.8 0-19.1s-13.8-5.3-19.1 0l-225.1 225.1c-5.3 5.3-5.3 13.8 0 19.1l225.1 225c2.6 2.6 6.1 4 9.5 4s6.9-1.3 9.5-4c5.3-5.3 5.3-13.8 0-19.1l-215.4-215.5z\"><\/path><\/svg><\/div><\/div><div class=\"ultp-slick-next\"><div class=\"slick-arrow slick-next\"><svg enable-background=\"new 0 0 477.175 477.175\" version=\"1.1\" viewBox=\"0 0 477.18 477.18\"><path d=\"m360.73 229.08-225.1-225.1c-5.3-5.3-13.8-5.3-19.1 0s-5.3 13.8 0 19.1l215.5 215.5-215.5 215.5c-5.3 5.3-5.3 13.8 0 19.1 2.6 2.6 6.1 4 9.5 4s6.9-1.3 9.5-4l225.1-225.1c5.3-5.2 5.3-13.8 0.1-19z\"><\/path><\/svg><\/div><\/div><\/div><\/div><\/div><\/div><\/div>\n<\/div><\/div><\/div>\n\n\n\n<div class=\"wp-block-ultimate-post-row ultp-block-7c5633\"><div class=\"ultp-row-wrapper\"><div class=\"ultp-row-content\">\n<div class=\"wp-block-ultimate-post-column ultp-block-e1676f\"><div class=\"ultp-column-wrapper\">\n<div class=\"wp-block-ultimate-post-row ultp-block-27c9d7\"><div class=\"ultp-row-wrapper\"><div class=\"ultp-row-content\">\n<div class=\"wp-block-ultimate-post-column ultp-block-7796d5\"><div class=\"ultp-column-wrapper\">\n<div class=\"wp-block-ultimate-post-row ultp-block-45d6e3\"><div class=\"ultp-row-wrapper\"><div class=\"ultp-row-content\">\n<div class=\"wp-block-ultimate-post-column ultp-block-73b1e7\"><div class=\"ultp-column-wrapper\">\n<div class=\"wp-block-ultimate-post-row ultp-block-c7a386\"><div class=\"ultp-row-wrapper\"><div class=\"ultp-row-content\">\n<div class=\"wp-block-ultimate-post-column ultp-block-990061\"><div class=\"ultp-column-wrapper\"><div  class=\"wp-block-ultimate-post-heading ultp-block-a0e4d1\"><div class=\"ultp-block-wrapper\"><div class=\"ultp-heading-wrap ultp-heading-style7 ultp-heading-left\"><h2 class=\"ultp-heading-inner\"><span>Noticias Nacionais<\/span><\/h2><\/div><\/div><\/div>\n\n\n<div class=\"wp-block-ultimate-post-post-grid-parent ultp-post-grid-parent\" data-postid=\"2489\" data-grids=\"[{&quot;blockId&quot;:&quot;77cf83&quot;,&quot;name&quot;:&quot;ultimate-post_post-grid-5&quot;}]\" data-pagi=\"[&quot;ultp-block-4b688f&quot;]\">\n<div class=\"wp-block-ultimate-post-post-pagination ultp-block-4b688f ultp-pagination-block ultp-pagination-wrap\"><div class=\"ultp-next-prev-wrap ultp-disable-editor-click\"><ul><li><a class=\"ultp-prev-action ultp-disable\" href=\"#\"><svg enable-background=\"new 0 0 477.175 477.175\" version=\"1.1\" viewBox=\"0 0 477.18 477.18\"><path d=\"m145.19 238.58 215.5-215.5c5.3-5.3 5.3-13.8 0-19.1s-13.8-5.3-19.1 0l-225.1 225.1c-5.3 5.3-5.3 13.8 0 19.1l225.1 225c2.6 2.6 6.1 4 9.5 4s6.9-1.3 9.5-4c5.3-5.3 5.3-13.8 0-19.1l-215.4-215.5z\"><\/path><\/svg><span class=\"screen-reader-text\">Previous<\/span><\/a><\/li><li><a class=\"ultp-prev-action\" href=\"#\"><svg enable-background=\"new 0 0 477.175 477.175\" version=\"1.1\" viewBox=\"0 0 477.18 477.18\"><path d=\"m360.73 229.08-225.1-225.1c-5.3-5.3-13.8-5.3-19.1 0s-5.3 13.8 0 19.1l215.5 215.5-215.5 215.5c-5.3 5.3-5.3 13.8 0 19.1 2.6 2.6 6.1 4 9.5 4s6.9-1.3 9.5-4l225.1-225.1c5.3-5.2 5.3-13.8 0.1-19z\"><\/path><\/svg><span class=\"screen-reader-text\">Next<\/span><\/a><\/li><\/ul><\/div><\/div>\n\n\n<div  class=\"ultp-post-grid-block wp-block-ultimate-post-post-grid-5 ultp-block-77cf83\"><div class=\"ultp-block-wrapper\"><div class=\"ultp-loading\"><div class=\"ultp-loading-blocks\" style=\"width:100%;height:100%;\"><div style=\"left: 0;top: 0;animation-delay:0s;\"><\/div><div style=\"left: 21px;top: 0;animation-delay:0.125s;\"><\/div><div style=\"left: 42px;top: 0;animation-delay:0.25s;\"><\/div><div style=\"left: 0;top: 21px;animation-delay:0.875s;\"><\/div><div style=\"left: 42px;top: 21px;animation-delay:0.375s;\"><\/div><div style=\"left: 0;top: 42px;animation-delay:0.75s;\"><\/div><div style=\"left: 42px;top: 42px;animation-delay:0.625s;\"><\/div><div style=\"left: 21px;top: 42px;animation-delay:0.5s;\"><\/div><\/div><\/div><div class=\"ultp-block-items-wrap ultp-block-row ultp-layout2 ultp-block-content-false\"><section class=\"ultp-block-item post-id-4846\"><div class=\"ultp-block-content-wrap ultp-block-content-overlay\"><div class=\"ultp-block-image ultp-block-image-zoomIn ultp-block-image-overlay ultp-block-image-default\"><a href=\"https:\/\/mcae.gov.tl\/pt-pt\/disseminacao-de-informacao-sobre-a-omc-aos-estudantes-da-unpaz\/\" ><img decoding=\"async\"  loading=\"lazy\"  alt=\"Dissemina\u00e7\u00e3o de Informa\u00e7\u00e3o sobre a OMC aos Estudantes da UNPAZ\" src=\"https:\/\/mcae.gov.tl\/wp-content\/uploads\/2026\/04\/IMG_9708-870x570.jpg\" \/><\/a><\/div><div class=\"ultp-block-content ultp-block-content-bottomPosition\"><div class=\"ultp-block-content-inner\"><div class=\"ultp-category-grid ultp-category-classic ultp-category-aboveTitle\"><div class=\"ultp-category-in\"><a class=\"ultp-cat-nacional\" href=\"https:\/\/mcae.gov.tl\/pt-pt\/category\/anuncios\/noticias\/nacional\/\"  >Nacional<\/a><a class=\"ultp-cat-noticias\" href=\"https:\/\/mcae.gov.tl\/pt-pt\/category\/anuncios\/noticias\/\"  >Not\u00edcias<\/a><\/div><\/div><h3 class=\"ultp-block-title \"><a href=\"https:\/\/mcae.gov.tl\/pt-pt\/disseminacao-de-informacao-sobre-a-omc-aos-estudantes-da-unpaz\/\" >Dissemina\u00e7\u00e3o de Informa\u00e7\u00e3o sobre a OMC aos Estudantes da UNPAZ<\/a><\/h3><div class=\"ultp-block-meta ultp-block-meta-emptyspace ultp-block-meta-icon\"><span class=\"ultp-block-date ultp-block-meta-element\"><svg xmlns=\"http:\/\/www.w3.org\/2000\/svg\" viewBox=\"0 0 18 19\"><path d=\"M4.60069444,4.09375 L3.25,4.09375 C2.47334957,4.09375 1.84375,4.72334957 1.84375,5.5 L1.84375,7.26736111 L16.15625,7.26736111 L16.15625,5.5 C16.15625,4.72334957 15.5266504,4.09375 14.75,4.09375 L13.3993056,4.09375 L13.3993056,4.55555556 C13.3993056,5.02154581 13.0215458,5.39930556 12.5555556,5.39930556 C12.0895653,5.39930556 11.7118056,5.02154581 11.7118056,4.55555556 L11.7118056,4.09375 L6.28819444,4.09375 L6.28819444,4.55555556 C6.28819444,5.02154581 5.9104347,5.39930556 5.44444444,5.39930556 C4.97845419,5.39930556 4.60069444,5.02154581 4.60069444,4.55555556 L4.60069444,4.09375 Z M6.28819444,2.40625 L11.7118056,2.40625 L11.7118056,1 C11.7118056,0.534009742 12.0895653,0.15625 12.5555556,0.15625 C13.0215458,0.15625 13.3993056,0.534009742 13.3993056,1 L13.3993056,2.40625 L14.75,2.40625 C16.4586309,2.40625 17.84375,3.79136906 17.84375,5.5 L17.84375,15.875 C17.84375,17.5836309 16.4586309,18.96875 14.75,18.96875 L3.25,18.96875 C1.54136906,18.96875 0.15625,17.5836309 0.15625,15.875 L0.15625,5.5 C0.15625,3.79136906 1.54136906,2.40625 3.25,2.40625 L4.60069444,2.40625 L4.60069444,1 C4.60069444,0.534009742 4.97845419,0.15625 5.44444444,0.15625 C5.9104347,0.15625 6.28819444,0.534009742 6.28819444,1 L6.28819444,2.40625 Z M1.84375,8.95486111 L1.84375,15.875 C1.84375,16.6516504 2.47334957,17.28125 3.25,17.28125 L14.75,17.28125 C15.5266504,17.28125 16.15625,16.6516504 16.15625,15.875 L16.15625,8.95486111 L1.84375,8.95486111 Z\"\/><\/svg>18 Apr 2026<\/span><\/div><div class=\"ultp-block-excerpt\"><p>18 Abril 2026_________ O Gabinete do Vice-Primeiro-Ministro (V-PM) e Ministro Coordenador para os Assuntos Econ\u00f3micos, atrav\u00e9s da Unidade de Estrat\u00e9gia&#8230;<\/p>\n<\/div><div class=\"ultp-block-readmore\"><a aria-label=\"Dissemina\u00e7\u00e3o de Informa\u00e7\u00e3o sobre a OMC aos Estudantes da UNPAZ\" href=\"https:\/\/mcae.gov.tl\/pt-pt\/disseminacao-de-informacao-sobre-a-omc-aos-estudantes-da-unpaz\/\" >Ler mais<svg xmlns=\"http:\/\/www.w3.org\/2000\/svg\" viewBox=\"0 0 49.16 37.25\"><path stroke=\"rgba(0,0,0,0)\" stroke-miterlimit=\"10\" d=\"M28.1 36.154a2.048 2.048 0 0 1 0-2.9l12.5-12.5H2.55a2.05 2.05 0 1 1 0-4.1H40.6l-12.5-12.5a2.05 2.05 0 1 1 2.9-2.9l17.45 17.448L31 36.154a2.047 2.047 0 0 1-2.9 0Z\"\/><\/svg><\/a><\/div><\/div><\/div><\/div><\/section><section class=\"ultp-block-item post-id-4580\"><div class=\"ultp-block-content-wrap ultp-block-content-overlay\"><div class=\"ultp-block-image ultp-block-image-zoomIn ultp-block-image-overlay ultp-block-image-default\"><a href=\"https:\/\/mcae.gov.tl\/pt-pt\/mcae-realiza-mesa-redonda-com-o-setor-privado-para-reforcar-o-desenvolvimento-economico\/\" ><img decoding=\"async\"  loading=\"lazy\"  alt=\"MCAE Realiza Mesa Redonda com o Setor Privado para Refor\u00e7ar&hellip;\" src=\"https:\/\/mcae.gov.tl\/wp-content\/uploads\/2026\/03\/IMG_9060-1-600x900.jpg\" \/><\/a><\/div><div class=\"ultp-block-content ultp-block-content-bottomPosition\"><div class=\"ultp-block-content-inner\"><h3 class=\"ultp-block-title \"><a href=\"https:\/\/mcae.gov.tl\/pt-pt\/mcae-realiza-mesa-redonda-com-o-setor-privado-para-reforcar-o-desenvolvimento-economico\/\" >MCAE Realiza Mesa Redonda com o Setor Privado para Refor\u00e7ar&hellip;<\/a><\/h3><div class=\"ultp-block-meta ultp-block-meta-emptyspace ultp-block-meta-icon\"><span class=\"ultp-block-date ultp-block-meta-element\"><svg xmlns=\"http:\/\/www.w3.org\/2000\/svg\" viewBox=\"0 0 18 19\"><path d=\"M4.60069444,4.09375 L3.25,4.09375 C2.47334957,4.09375 1.84375,4.72334957 1.84375,5.5 L1.84375,7.26736111 L16.15625,7.26736111 L16.15625,5.5 C16.15625,4.72334957 15.5266504,4.09375 14.75,4.09375 L13.3993056,4.09375 L13.3993056,4.55555556 C13.3993056,5.02154581 13.0215458,5.39930556 12.5555556,5.39930556 C12.0895653,5.39930556 11.7118056,5.02154581 11.7118056,4.55555556 L11.7118056,4.09375 L6.28819444,4.09375 L6.28819444,4.55555556 C6.28819444,5.02154581 5.9104347,5.39930556 5.44444444,5.39930556 C4.97845419,5.39930556 4.60069444,5.02154581 4.60069444,4.55555556 L4.60069444,4.09375 Z M6.28819444,2.40625 L11.7118056,2.40625 L11.7118056,1 C11.7118056,0.534009742 12.0895653,0.15625 12.5555556,0.15625 C13.0215458,0.15625 13.3993056,0.534009742 13.3993056,1 L13.3993056,2.40625 L14.75,2.40625 C16.4586309,2.40625 17.84375,3.79136906 17.84375,5.5 L17.84375,15.875 C17.84375,17.5836309 16.4586309,18.96875 14.75,18.96875 L3.25,18.96875 C1.54136906,18.96875 0.15625,17.5836309 0.15625,15.875 L0.15625,5.5 C0.15625,3.79136906 1.54136906,2.40625 3.25,2.40625 L4.60069444,2.40625 L4.60069444,1 C4.60069444,0.534009742 4.97845419,0.15625 5.44444444,0.15625 C5.9104347,0.15625 6.28819444,0.534009742 6.28819444,1 L6.28819444,2.40625 Z M1.84375,8.95486111 L1.84375,15.875 C1.84375,16.6516504 2.47334957,17.28125 3.25,17.28125 L14.75,17.28125 C15.5266504,17.28125 16.15625,16.6516504 16.15625,15.875 L16.15625,8.95486111 L1.84375,8.95486111 Z\"\/><\/svg>23 Mar 2026<\/span><\/div><div class=\"ultp-block-readmore\"><a aria-label=\"MCAE Realiza Mesa Redonda com o Setor Privado para Refor\u00e7ar&hellip;\" href=\"https:\/\/mcae.gov.tl\/pt-pt\/mcae-realiza-mesa-redonda-com-o-setor-privado-para-reforcar-o-desenvolvimento-economico\/\" >Ler mais<svg xmlns=\"http:\/\/www.w3.org\/2000\/svg\" viewBox=\"0 0 49.16 37.25\"><path stroke=\"rgba(0,0,0,0)\" stroke-miterlimit=\"10\" d=\"M28.1 36.154a2.048 2.048 0 0 1 0-2.9l12.5-12.5H2.55a2.05 2.05 0 1 1 0-4.1H40.6l-12.5-12.5a2.05 2.05 0 1 1 2.9-2.9l17.45 17.448L31 36.154a2.047 2.047 0 0 1-2.9 0Z\"\/><\/svg><\/a><\/div><\/div><\/div><\/div><\/section><section class=\"ultp-block-item post-id-4558\"><div class=\"ultp-block-content-wrap ultp-block-content-overlay\"><div class=\"ultp-block-image ultp-block-image-zoomIn ultp-block-image-overlay ultp-block-image-default\"><a href=\"https:\/\/mcae.gov.tl\/pt-pt\/discussao-tecnica-entre-o-mcae-e-o-mpie-sobre-o-plano-de-medio-prazo-2026-2030\/\" ><img decoding=\"async\"  loading=\"lazy\"  alt=\"DISCUSS\u00c3O T\u00c9CNICA ENTRE O MCAE E O MPIE SOBRE O&hellip;\" src=\"https:\/\/mcae.gov.tl\/wp-content\/uploads\/2026\/03\/IMG_8943-600x900.jpg\" \/><\/a><\/div><div class=\"ultp-block-content ultp-block-content-bottomPosition\"><div class=\"ultp-block-content-inner\"><h3 class=\"ultp-block-title \"><a href=\"https:\/\/mcae.gov.tl\/pt-pt\/discussao-tecnica-entre-o-mcae-e-o-mpie-sobre-o-plano-de-medio-prazo-2026-2030\/\" >DISCUSS\u00c3O T\u00c9CNICA ENTRE O MCAE E O MPIE SOBRE O&hellip;<\/a><\/h3><div class=\"ultp-block-meta ultp-block-meta-emptyspace ultp-block-meta-icon\"><span class=\"ultp-block-date ultp-block-meta-element\"><svg xmlns=\"http:\/\/www.w3.org\/2000\/svg\" viewBox=\"0 0 18 19\"><path d=\"M4.60069444,4.09375 L3.25,4.09375 C2.47334957,4.09375 1.84375,4.72334957 1.84375,5.5 L1.84375,7.26736111 L16.15625,7.26736111 L16.15625,5.5 C16.15625,4.72334957 15.5266504,4.09375 14.75,4.09375 L13.3993056,4.09375 L13.3993056,4.55555556 C13.3993056,5.02154581 13.0215458,5.39930556 12.5555556,5.39930556 C12.0895653,5.39930556 11.7118056,5.02154581 11.7118056,4.55555556 L11.7118056,4.09375 L6.28819444,4.09375 L6.28819444,4.55555556 C6.28819444,5.02154581 5.9104347,5.39930556 5.44444444,5.39930556 C4.97845419,5.39930556 4.60069444,5.02154581 4.60069444,4.55555556 L4.60069444,4.09375 Z M6.28819444,2.40625 L11.7118056,2.40625 L11.7118056,1 C11.7118056,0.534009742 12.0895653,0.15625 12.5555556,0.15625 C13.0215458,0.15625 13.3993056,0.534009742 13.3993056,1 L13.3993056,2.40625 L14.75,2.40625 C16.4586309,2.40625 17.84375,3.79136906 17.84375,5.5 L17.84375,15.875 C17.84375,17.5836309 16.4586309,18.96875 14.75,18.96875 L3.25,18.96875 C1.54136906,18.96875 0.15625,17.5836309 0.15625,15.875 L0.15625,5.5 C0.15625,3.79136906 1.54136906,2.40625 3.25,2.40625 L4.60069444,2.40625 L4.60069444,1 C4.60069444,0.534009742 4.97845419,0.15625 5.44444444,0.15625 C5.9104347,0.15625 6.28819444,0.534009742 6.28819444,1 L6.28819444,2.40625 Z M1.84375,8.95486111 L1.84375,15.875 C1.84375,16.6516504 2.47334957,17.28125 3.25,17.28125 L14.75,17.28125 C15.5266504,17.28125 16.15625,16.6516504 16.15625,15.875 L16.15625,8.95486111 L1.84375,8.95486111 Z\"\/><\/svg>18 Mar 2026<\/span><\/div><div class=\"ultp-block-readmore\"><a aria-label=\"DISCUSS\u00c3O T\u00c9CNICA ENTRE O MCAE E O MPIE SOBRE O&hellip;\" href=\"https:\/\/mcae.gov.tl\/pt-pt\/discussao-tecnica-entre-o-mcae-e-o-mpie-sobre-o-plano-de-medio-prazo-2026-2030\/\" >Ler mais<svg xmlns=\"http:\/\/www.w3.org\/2000\/svg\" viewBox=\"0 0 49.16 37.25\"><path stroke=\"rgba(0,0,0,0)\" stroke-miterlimit=\"10\" d=\"M28.1 36.154a2.048 2.048 0 0 1 0-2.9l12.5-12.5H2.55a2.05 2.05 0 1 1 0-4.1H40.6l-12.5-12.5a2.05 2.05 0 1 1 2.9-2.9l17.45 17.448L31 36.154a2.047 2.047 0 0 1-2.9 0Z\"\/><\/svg><\/a><\/div><\/div><\/div><\/div><\/section><section class=\"ultp-block-item post-id-4547\"><div class=\"ultp-block-content-wrap ultp-block-content-overlay\"><div class=\"ultp-block-image ultp-block-image-zoomIn ultp-block-image-overlay ultp-block-image-default\"><a href=\"https:\/\/mcae.gov.tl\/pt-pt\/coordenador-geral-do-mcae-participa-na-enkontru-avaliacao-estrategica-de-propostas-de-investimento-para-reforcar-o-setor-produtivo\/\" ><img decoding=\"async\"  loading=\"lazy\"  alt=\"Coordenador-Geral do MCAE participa na enkontru Avalia\u00e7\u00e3o Estrat\u00e9gica de Propostas&hellip;\" src=\"https:\/\/mcae.gov.tl\/wp-content\/uploads\/2026\/03\/IMG_8828-600x900.jpg\" \/><\/a><\/div><div class=\"ultp-block-content ultp-block-content-bottomPosition\"><div class=\"ultp-block-content-inner\"><h3 class=\"ultp-block-title \"><a href=\"https:\/\/mcae.gov.tl\/pt-pt\/coordenador-geral-do-mcae-participa-na-enkontru-avaliacao-estrategica-de-propostas-de-investimento-para-reforcar-o-setor-produtivo\/\" >Coordenador-Geral do MCAE participa na enkontru Avalia\u00e7\u00e3o Estrat\u00e9gica de Propostas&hellip;<\/a><\/h3><div class=\"ultp-block-meta ultp-block-meta-emptyspace ultp-block-meta-icon\"><span class=\"ultp-block-date ultp-block-meta-element\"><svg xmlns=\"http:\/\/www.w3.org\/2000\/svg\" viewBox=\"0 0 18 19\"><path d=\"M4.60069444,4.09375 L3.25,4.09375 C2.47334957,4.09375 1.84375,4.72334957 1.84375,5.5 L1.84375,7.26736111 L16.15625,7.26736111 L16.15625,5.5 C16.15625,4.72334957 15.5266504,4.09375 14.75,4.09375 L13.3993056,4.09375 L13.3993056,4.55555556 C13.3993056,5.02154581 13.0215458,5.39930556 12.5555556,5.39930556 C12.0895653,5.39930556 11.7118056,5.02154581 11.7118056,4.55555556 L11.7118056,4.09375 L6.28819444,4.09375 L6.28819444,4.55555556 C6.28819444,5.02154581 5.9104347,5.39930556 5.44444444,5.39930556 C4.97845419,5.39930556 4.60069444,5.02154581 4.60069444,4.55555556 L4.60069444,4.09375 Z M6.28819444,2.40625 L11.7118056,2.40625 L11.7118056,1 C11.7118056,0.534009742 12.0895653,0.15625 12.5555556,0.15625 C13.0215458,0.15625 13.3993056,0.534009742 13.3993056,1 L13.3993056,2.40625 L14.75,2.40625 C16.4586309,2.40625 17.84375,3.79136906 17.84375,5.5 L17.84375,15.875 C17.84375,17.5836309 16.4586309,18.96875 14.75,18.96875 L3.25,18.96875 C1.54136906,18.96875 0.15625,17.5836309 0.15625,15.875 L0.15625,5.5 C0.15625,3.79136906 1.54136906,2.40625 3.25,2.40625 L4.60069444,2.40625 L4.60069444,1 C4.60069444,0.534009742 4.97845419,0.15625 5.44444444,0.15625 C5.9104347,0.15625 6.28819444,0.534009742 6.28819444,1 L6.28819444,2.40625 Z M1.84375,8.95486111 L1.84375,15.875 C1.84375,16.6516504 2.47334957,17.28125 3.25,17.28125 L14.75,17.28125 C15.5266504,17.28125 16.15625,16.6516504 16.15625,15.875 L16.15625,8.95486111 L1.84375,8.95486111 Z\"\/><\/svg>17 Mar 2026<\/span><\/div><div class=\"ultp-block-readmore\"><a aria-label=\"Coordenador-Geral do MCAE participa na enkontru Avalia\u00e7\u00e3o Estrat\u00e9gica de Propostas&hellip;\" href=\"https:\/\/mcae.gov.tl\/pt-pt\/coordenador-geral-do-mcae-participa-na-enkontru-avaliacao-estrategica-de-propostas-de-investimento-para-reforcar-o-setor-produtivo\/\" >Ler mais<svg xmlns=\"http:\/\/www.w3.org\/2000\/svg\" viewBox=\"0 0 49.16 37.25\"><path stroke=\"rgba(0,0,0,0)\" stroke-miterlimit=\"10\" d=\"M28.1 36.154a2.048 2.048 0 0 1 0-2.9l12.5-12.5H2.55a2.05 2.05 0 1 1 0-4.1H40.6l-12.5-12.5a2.05 2.05 0 1 1 2.9-2.9l17.45 17.448L31 36.154a2.047 2.047 0 0 1-2.9 0Z\"\/><\/svg><\/a><\/div><\/div><\/div><\/div><\/section><\/div><\/div><div class=\"pagination-block-html\" aria-hidden=\"true\" style=\"display: none;\"><div class=\"ultp-next-prev-wrap\"  data-for=\"ultp-block-77cf83\"  data-blockid=\"77cf83\"  data-expost=\"\"  data-pagenum=\"1\"  data-pages=\"9\"  data-blockname=\"ultimate-post_post-grid-5\"  data-postid=\"2489\"  data-selfpostid=\"yes\" ><ul><li><a class=\"ultp-prev-action ultp-disable\" href=\"#\"><svg enable-background=\"new 0 0 477.175 477.175\" version=\"1.1\" viewBox=\"0 0 477.18 477.18\"><path d=\"m145.19 238.58 215.5-215.5c5.3-5.3 5.3-13.8 0-19.1s-13.8-5.3-19.1 0l-225.1 225.1c-5.3 5.3-5.3 13.8 0 19.1l225.1 225c2.6 2.6 6.1 4 9.5 4s6.9-1.3 9.5-4c5.3-5.3 5.3-13.8 0-19.1l-215.4-215.5z\"><\/path><\/svg><span class=\"screen-reader-text\">Previous<\/span><\/a><\/li><li><a class=\"ultp-next-action\"><svg enable-background=\"new 0 0 477.175 477.175\" version=\"1.1\" viewBox=\"0 0 477.18 477.18\"><path d=\"m360.73 229.08-225.1-225.1c-5.3-5.3-13.8-5.3-19.1 0s-5.3 13.8 0 19.1l215.5 215.5-215.5 215.5c-5.3 5.3-5.3 13.8 0 19.1 2.6 2.6 6.1 4 9.5 4s6.9-1.3 9.5-4l225.1-225.1c5.3-5.2 5.3-13.8 0.1-19z\"><\/path><\/svg><span class=\"screen-reader-text\">Next<\/span><\/a><\/li><\/ul><\/div><\/div><\/div><\/div>\n<\/div><\/div>\n<\/div><\/div><\/div>\n\n\n\n<div class=\"wp-block-ultimate-post-row ultp-block-f7ee02\"><div class=\"ultp-row-wrapper\"><div class=\"ultp-row-content\">\n<div class=\"wp-block-ultimate-post-column ultp-block-2080a2\"><div class=\"ultp-column-wrapper\"><div  class=\"wp-block-ultimate-post-heading ultp-block-d207fd\"><div class=\"ultp-block-wrapper\"><div class=\"ultp-heading-wrap ultp-heading-style7 ultp-heading-left\"><h2 class=\"ultp-heading-inner\"><span>Noticias Internacionais<\/span><\/h2><\/div><\/div><\/div><\/div><\/div>\n<\/div><\/div><\/div>\n\n\n\n<div class=\"wp-block-ultimate-post-post-grid-parent ultp-post-grid-parent\" data-postid=\"2489\" data-grids=\"[{&quot;blockId&quot;:&quot;ace0cc&quot;,&quot;name&quot;:&quot;ultimate-post_post-grid-3&quot;}]\" data-pagi=\"[&quot;ultp-block-66cd65&quot;]\">\n<div class=\"wp-block-ultimate-post-post-pagination ultp-block-66cd65 ultp-pagination-block ultp-pagination-wrap\"><div class=\"ultp-next-prev-wrap ultp-disable-editor-click\"><ul><li><a class=\"ultp-prev-action ultp-disable\" href=\"#\"><svg enable-background=\"new 0 0 477.175 477.175\" version=\"1.1\" viewBox=\"0 0 477.18 477.18\"><path d=\"m145.19 238.58 215.5-215.5c5.3-5.3 5.3-13.8 0-19.1s-13.8-5.3-19.1 0l-225.1 225.1c-5.3 5.3-5.3 13.8 0 19.1l225.1 225c2.6 2.6 6.1 4 9.5 4s6.9-1.3 9.5-4c5.3-5.3 5.3-13.8 0-19.1l-215.4-215.5z\"><\/path><\/svg><span class=\"screen-reader-text\">Previous<\/span><\/a><\/li><li><a class=\"ultp-prev-action\" href=\"#\"><svg enable-background=\"new 0 0 477.175 477.175\" version=\"1.1\" viewBox=\"0 0 477.18 477.18\"><path d=\"m360.73 229.08-225.1-225.1c-5.3-5.3-13.8-5.3-19.1 0s-5.3 13.8 0 19.1l215.5 215.5-215.5 215.5c-5.3 5.3-5.3 13.8 0 19.1 2.6 2.6 6.1 4 9.5 4s6.9-1.3 9.5-4l225.1-225.1c5.3-5.2 5.3-13.8 0.1-19z\"><\/path><\/svg><span class=\"screen-reader-text\">Next<\/span><\/a><\/li><\/ul><\/div><\/div>\n\n\n<div  class=\"ultp-post-grid-block wp-block-ultimate-post-post-grid-3 ultp-block-ace0cc\"><div class=\"ultp-block-wrapper\"><div class=\"ultp-loading\"><div class=\"ultp-loading-blocks\" style=\"width:100%;height:100%;\"><div style=\"left: 0;top: 0;animation-delay:0s;\"><\/div><div style=\"left: 21px;top: 0;animation-delay:0.125s;\"><\/div><div style=\"left: 42px;top: 0;animation-delay:0.25s;\"><\/div><div style=\"left: 0;top: 21px;animation-delay:0.875s;\"><\/div><div style=\"left: 42px;top: 21px;animation-delay:0.375s;\"><\/div><div style=\"left: 0;top: 42px;animation-delay:0.75s;\"><\/div><div style=\"left: 42px;top: 42px;animation-delay:0.625s;\"><\/div><div style=\"left: 21px;top: 42px;animation-delay:0.5s;\"><\/div><\/div><\/div><div class=\"ultp-block-items-wrap ultp-block-row ultp-layout1 ultp-block-column2\"><div class=\"ultp-block-item post-id-1960\"><div class=\"ultp-block-content-wrap ultp-block-content-overlay\"><div class=\"ultp-block-image ultp-block-image-zoomIn ultp-block-image-overlay ultp-block-image-custom\"><a href=\"https:\/\/mcae.gov.tl\/pt-pt\/pm-malazia-ofisialmente-loke-simeira-asean-ba-dala-46-data-dia-26-de-maiu-de-2025\/\" ><img decoding=\"async\"  alt=\"PM Malazia ofisialmente loke simeira ASEAN ba dala-46 \ndata dia 26 de Maiu de 2025\n\"  src=\"https:\/\/mcae.gov.tl\/wp-content\/uploads\/2025\/07\/VPM1.jpg\" \/><\/a><\/div><div class=\"ultp-block-content ultp-block-content-bottomPosition\"><div class=\"ultp-block-content-inner\"><div class=\"ultp-category-grid ultp-category-classic ultp-category-aboveTitle\"><div class=\"ultp-category-in\"><a class=\"ultp-cat-internacional\" href=\"https:\/\/mcae.gov.tl\/pt-pt\/category\/anuncios\/noticias\/internacional\/\"  >Internacional<\/a><\/div><\/div><h3 class=\"ultp-block-title \"><a href=\"https:\/\/mcae.gov.tl\/pt-pt\/pm-malazia-ofisialmente-loke-simeira-asean-ba-dala-46-data-dia-26-de-maiu-de-2025\/\" >O Primeiro-Ministro da Mal\u00e1sia abriu oficialmente a 46.\u00aa Cimeira da ASEAN.<\/a><\/h3><div class=\"ultp-block-meta ultp-block-meta-dot ultp-block-meta-icon\"><span class=\"ultp-block-date ultp-block-meta-element\"><svg xmlns=\"http:\/\/www.w3.org\/2000\/svg\" viewBox=\"0 0 18 19\"><path d=\"M4.60069444,4.09375 L3.25,4.09375 C2.47334957,4.09375 1.84375,4.72334957 1.84375,5.5 L1.84375,7.26736111 L16.15625,7.26736111 L16.15625,5.5 C16.15625,4.72334957 15.5266504,4.09375 14.75,4.09375 L13.3993056,4.09375 L13.3993056,4.55555556 C13.3993056,5.02154581 13.0215458,5.39930556 12.5555556,5.39930556 C12.0895653,5.39930556 11.7118056,5.02154581 11.7118056,4.55555556 L11.7118056,4.09375 L6.28819444,4.09375 L6.28819444,4.55555556 C6.28819444,5.02154581 5.9104347,5.39930556 5.44444444,5.39930556 C4.97845419,5.39930556 4.60069444,5.02154581 4.60069444,4.55555556 L4.60069444,4.09375 Z M6.28819444,2.40625 L11.7118056,2.40625 L11.7118056,1 C11.7118056,0.534009742 12.0895653,0.15625 12.5555556,0.15625 C13.0215458,0.15625 13.3993056,0.534009742 13.3993056,1 L13.3993056,2.40625 L14.75,2.40625 C16.4586309,2.40625 17.84375,3.79136906 17.84375,5.5 L17.84375,15.875 C17.84375,17.5836309 16.4586309,18.96875 14.75,18.96875 L3.25,18.96875 C1.54136906,18.96875 0.15625,17.5836309 0.15625,15.875 L0.15625,5.5 C0.15625,3.79136906 1.54136906,2.40625 3.25,2.40625 L4.60069444,2.40625 L4.60069444,1 C4.60069444,0.534009742 4.97845419,0.15625 5.44444444,0.15625 C5.9104347,0.15625 6.28819444,0.534009742 6.28819444,1 L6.28819444,2.40625 Z M1.84375,8.95486111 L1.84375,15.875 C1.84375,16.6516504 2.47334957,17.28125 3.25,17.28125 L14.75,17.28125 C15.5266504,17.28125 16.15625,16.6516504 16.15625,15.875 L16.15625,8.95486111 L1.84375,8.95486111 Z\"\/><\/svg>26 Maio 2025<\/span><\/div><div class=\"ultp-block-excerpt\"><p>O Vice-Primeiro-Ministro (V-PM), Ministro Coordenador dos Assuntos Econ\u00f3micos (MCAE) e Ministro do Turismo e Ambiente (MTA), Francisco Kalbuadi Lay, acompanhou&#8230;<\/p>\n<\/div><\/div><\/div><\/div><\/div><\/div><\/div><div class=\"pagination-block-html\" aria-hidden=\"true\" style=\"display: none;\"><div class=\"ultp-next-prev-wrap\"  data-for=\"ultp-block-ace0cc\"  data-blockid=\"ace0cc\"  data-expost=\"\"  data-pagenum=\"1\"  data-pages=\"1\"  data-blockname=\"ultimate-post_post-grid-3\"  data-postid=\"2489\"  data-selfpostid=\"yes\" ><\/div><\/div><\/div><\/div>\n<\/div><\/div>\n\n\n\n<div class=\"wp-block-ultimate-post-column ultp-block-1bf979\"><div class=\"ultp-column-wrapper\">\n<div class=\"wp-block-ultimate-post-row ultp-block-275e51\"><div class=\"ultp-row-wrapper\"><div class=\"ultp-row-content\">\n<div class=\"wp-block-ultimate-post-column ultp-block-399eb4\"><div class=\"ultp-column-wrapper\"><div  class=\"wp-block-ultimate-post-heading ultp-block-0a9d7e\"><div class=\"ultp-block-wrapper\"><div class=\"ultp-heading-wrap ultp-heading-style7 ultp-heading-left\"><h2 class=\"ultp-heading-inner\"><span>Agenda<\/span><\/h2><div class=\"ultp-sub-heading\"><div class=\"ultp-sub-heading-inner\">Informa\u00e7\u00f5es sobre agenda do MCAE<\/div><\/div><\/div><\/div><\/div>\n\n\n<div  class=\"tribe-compatibility-container\" >\n\t<div\n\t\t class=\"tribe-common tribe-events tribe-events-view tribe-events-view--widget-events-list tribe-events-widget\" \t\tdata-js=\"tribe-events-view\"\n\t\tdata-view-rest-url=\"https:\/\/mcae.gov.tl\/pt-pt\/wp-json\/tribe\/views\/v2\/html\"\n\t\tdata-view-manage-url=\"1\"\n\t\t\t\t\t\t\tdata-view-breakpoint-pointer=\"eeab69c1-496b-45aa-8374-a49ff9611687\"\n\t\t\t>\n\t\t<div class=\"tribe-events-widget-events-list\">\n\n\t\t\t\n\t\t\t<script data-js=\"tribe-events-view-data\" type=\"application\/json\">\n\t{\"slug\":\"widget-events-list\",\"prev_url\":\"\",\"next_url\":\"\",\"view_class\":\"Tribe\\\\Events\\\\Views\\\\V2\\\\Views\\\\Widgets\\\\Widget_List_View\",\"view_slug\":\"widget-events-list\",\"view_label\":\"View\",\"view\":null,\"should_manage_url\":true,\"id\":null,\"alias-slugs\":null,\"title\":\"Pr\\u00f3ximos Eventos \\u2013 Portal MCAE\",\"limit\":\"5\",\"no_upcoming_events\":false,\"featured_events_only\":false,\"jsonld_enable\":true,\"tribe_is_list_widget\":false,\"admin_fields\":{\"title\":{\"label\":\"Title:\",\"type\":\"text\",\"parent_classes\":\"\",\"classes\":\"\",\"dependency\":\"\",\"id\":\"widget-tribe-widget-events-list--1-title\",\"name\":\"widget-tribe-widget-events-list[-1][title]\",\"options\":[],\"placeholder\":\"\",\"value\":null},\"limit\":{\"label\":\"Mostrar:\",\"type\":\"number\",\"default\":5,\"min\":1,\"max\":10,\"step\":1,\"parent_classes\":\"\",\"classes\":\"\",\"dependency\":\"\",\"id\":\"widget-tribe-widget-events-list--1-limit\",\"name\":\"widget-tribe-widget-events-list[-1][limit]\",\"options\":[],\"placeholder\":\"\",\"value\":null},\"no_upcoming_events\":{\"label\":\"Oculte este widget se n\\u00e3o existirem eventos futuros.\",\"type\":\"checkbox\",\"parent_classes\":\"\",\"classes\":\"\",\"dependency\":\"\",\"id\":\"widget-tribe-widget-events-list--1-no_upcoming_events\",\"name\":\"widget-tribe-widget-events-list[-1][no_upcoming_events]\",\"options\":[],\"placeholder\":\"\",\"value\":null},\"featured_events_only\":{\"label\":\"Limit to featured events only\",\"type\":\"checkbox\",\"parent_classes\":\"\",\"classes\":\"\",\"dependency\":\"\",\"id\":\"widget-tribe-widget-events-list--1-featured_events_only\",\"name\":\"widget-tribe-widget-events-list[-1][featured_events_only]\",\"options\":[],\"placeholder\":\"\",\"value\":null},\"jsonld_enable\":{\"label\":\"Generate JSON-LD data\",\"type\":\"checkbox\",\"parent_classes\":\"\",\"classes\":\"\",\"dependency\":\"\",\"id\":\"widget-tribe-widget-events-list--1-jsonld_enable\",\"name\":\"widget-tribe-widget-events-list[-1][jsonld_enable]\",\"options\":[],\"placeholder\":\"\",\"value\":null}},\"pll_lang\":\"en\",\"events\":[],\"url\":\"https:\\\/\\\/mcae.gov.tl\\\/pt-pt\\\/?post_type=tribe_events&eventDisplay=widget-events-list\",\"url_event_date\":false,\"bar\":{\"keyword\":\"\",\"date\":\"\"},\"today\":\"2026-05-01 00:00:00\",\"now\":\"2026-05-01 09:02:05\",\"home_url\":\"https:\\\/\\\/mcae.gov.tl\\\/pt-pt\\\/\",\"rest_url\":\"https:\\\/\\\/mcae.gov.tl\\\/pt-pt\\\/wp-json\\\/tribe\\\/views\\\/v2\\\/html\",\"rest_method\":\"GET\",\"rest_nonce\":\"\",\"today_url\":\"https:\\\/\\\/mcae.gov.tl\\\/pt-pt\\\/?post_type=tribe_events&eventDisplay=widget-events-list&rest_route=%2Fwp%2Fv2%2Fpages%2F948\",\"today_title\":\"Clique para seleccionar a data de hoje\",\"today_label\":\"Hoje\",\"prev_label\":\"\",\"next_label\":\"\",\"date_formats\":{\"compact\":\"n\\\/j\\\/Y\",\"month_and_year_compact\":\"n\\\/Y\",\"month_and_year\":\"F Y\",\"time_range_separator\":\" - \",\"date_time_separator\":\" @ \"},\"messages\":{\"notice\":[\"N\\u00e3o existem eventos futuros\"]},\"start_of_week\":\"1\",\"header_title\":\"\",\"header_title_element\":\"h1\",\"content_title\":\"\",\"breadcrumbs\":[],\"before_events\":\"\",\"after_events\":\"\\n<!--\\nThis calendar is powered by The Events Calendar.\\nhttp:\\\/\\\/evnt.is\\\/18wn\\n-->\\n\",\"display_events_bar\":false,\"disable_event_search\":true,\"live_refresh\":true,\"ical\":{\"display_link\":true,\"link\":{\"url\":\"https:\\\/\\\/mcae.gov.tl\\\/pt-pt\\\/?post_type=tribe_events&#038;eventDisplay=widget-events-list&#038;ical=1\",\"text\":\"Export Eventos\",\"title\":\"Utilize esta op\\u00e7\\u00e3o para partilhar com os calend\\u00e1rios Google, calend\\u00e1rios Apple e outras aplica\\u00e7\\u00f5es compat\\u00edveis\"}},\"container_classes\":[\"tribe-common\",\"tribe-events\",\"tribe-events-view\",\"tribe-events-view--widget-events-list\",\"tribe-events-widget\"],\"container_data\":[],\"is_past\":false,\"breakpoints\":{\"xsmall\":500,\"medium\":768,\"full\":960},\"breakpoint_pointer\":\"eeab69c1-496b-45aa-8374-a49ff9611687\",\"is_initial_load\":false,\"public_views\":{\"list\":{\"view_class\":\"Tribe\\\\Events\\\\Views\\\\V2\\\\Views\\\\List_View\",\"view_url\":\"https:\\\/\\\/mcae.gov.tl\\\/pt-pt\\\/(\\\/?:events|eventos|ajenda|Agenda|Ajenda)\\\/lista\\\/\",\"view_label\":\"Lista\",\"aria_label\":\"Display Eventos in Lista View\"},\"month\":{\"view_class\":\"Tribe\\\\Events\\\\Views\\\\V2\\\\Views\\\\Month_View\",\"view_url\":\"https:\\\/\\\/mcae.gov.tl\\\/pt-pt\\\/(\\\/?:events|eventos|ajenda|Agenda|Ajenda)\\\/(\\\/?:month|ms|m\\u00eas)\\\/\",\"view_label\":\"M\\u00eas\",\"aria_label\":\"Display Eventos in M\\u00eas View\"},\"day\":{\"view_class\":\"Tribe\\\\Events\\\\Views\\\\V2\\\\Views\\\\Day_View\",\"view_url\":\"https:\\\/\\\/mcae.gov.tl\\\/pt-pt\\\/(\\\/?:events|eventos|ajenda|Agenda|Ajenda)\\\/hoje\\\/\",\"view_label\":\"Dia\",\"aria_label\":\"Display Eventos in Dia View\"}},\"show_latest_past\":false,\"past\":false,\"compatibility_classes\":[\"tribe-compatibility-container\"],\"view_more_text\":\"Ver calend\\u00e1rio\",\"view_more_title\":\"View more eventos.\",\"view_more_link\":\"https:\\\/\\\/mcae.gov.tl\\\/pt-pt\\\/(\\\/?:events|eventos|ajenda|Agenda|Ajenda)\\\/\",\"widget_title\":\"\",\"hide_if_no_upcoming_events\":false,\"display\":[],\"subscribe_links\":{\"gcal\":{\"label\":\"Calend\\u00e1rio Google\",\"single_label\":\"Adicionar ao Calend\\u00e1rio Google\",\"visible\":true,\"block_slug\":\"hasGoogleCalendar\"},\"ical\":{\"label\":\"iCalendar\",\"single_label\":\"Adicionar ao iCalendar\",\"visible\":true,\"block_slug\":\"hasiCal\"},\"outlook-365\":{\"label\":\"Outlook 365\",\"single_label\":\"Outlook 365\",\"visible\":true,\"block_slug\":\"hasOutlook365\"},\"outlook-live\":{\"label\":\"Outlook Live\",\"single_label\":\"Outlook Live\",\"visible\":true,\"block_slug\":\"hasOutlookLive\"},\"ics\":{\"label\":\"Exportar ficheiro .ics\",\"single_label\":\"Exportar ficheiro .ics\",\"visible\":true,\"block_slug\":null},\"outlook-ics\":{\"label\":\"Exportar para ficheiro Outlook .ics\",\"single_label\":\"Exportar para ficheiro Outlook .ics\",\"visible\":true,\"block_slug\":null}},\"_context\":{\"slug\":\"widget-events-list\"}}<\/script>\n\n\t\t\t\n\t\t\t\n\t\t\t\t<div  class=\"tribe-events-header__messages tribe-events-c-messages tribe-common-b2\"  >\n\t\t\t<div class=\"tribe-events-c-messages__message tribe-events-c-messages__message--notice\" role=\"alert\">\n\t\t\t<svg  class=\"tribe-common-c-svgicon tribe-common-c-svgicon--messages-not-found tribe-events-c-messages__message-icon-svg\"  viewBox=\"0 0 21 23\" xmlns=\"http:\/\/www.w3.org\/2000\/svg\" aria-hidden=\"true\" role=\"presentation\" tabindex=\"-1\">\n\t<g fill-rule=\"evenodd\">\n\t\t<path d=\"M.5 2.5h20v20H.5z\"\/>\n\t\t<path stroke-linecap=\"round\" d=\"M7.583 11.583l5.834 5.834m0-5.834l-5.834 5.834\" class=\"tribe-common-c-svgicon__svg-stroke\"\/>\n\t\t<path stroke-linecap=\"round\" d=\"M4.5.5v4m12-4v4\"\/>\n\t\t<path stroke-linecap=\"square\" d=\"M.5 7.5h20\"\/>\n\t<\/g>\n<\/svg>\n\t\t\t<div class=\"tribe-events-c-messages__message-list\" tabindex=\"0\" role=\"alert\" aria-live=\"polite\">\n\t\t\t\t\t\t\t\t\t<div\n\t\t\t\t\t\tclass=\"tribe-events-c-messages__message-list-item\"\n\t\t\t\t\t\t data-key=\"0\" \t\t\t\t\t>\n\t\t\t\t\t\tN\u00e3o existem eventos futuros\t\t\t\t\t<\/div>\n\t\t\t\t\t\t\t<\/div>\n\t\t<\/div>\n\t<\/div>\n\n\t\t\t\t\t<\/div>\n\t<\/div>\n<\/div>\n<script data-js='tribe-events-view-nonce-data' type='application\/json'>{\"tvn1\":\"42d3d7e076\",\"tvn2\":\"\"}<\/script>\n<\/div><\/div>\n\n\n\n<div class=\"wp-block-ultimate-post-column ultp-block-aebdcf\"><div class=\"ultp-column-wrapper\"><div  class=\"wp-block-ultimate-post-heading ultp-block-f18a77\"><div class=\"ultp-block-wrapper\"><div class=\"ultp-heading-wrap ultp-heading-style7 ultp-heading-left\"><h2 class=\"ultp-heading-inner\"><span>Comunicados<\/span><\/h2><div class=\"ultp-sub-heading\"><div class=\"ultp-sub-heading-inner\">Informa\u00e7\u00f5es sobre os comunicados de imprensa do Gabinete do MCAE<\/div><\/div><\/div><\/div><\/div>\n\n\n<div class=\"wp-block-ultimate-post-post-grid-parent ultp-post-grid-parent\" data-postid=\"2489\" data-grids=\"[{&quot;blockId&quot;:&quot;ddff87&quot;,&quot;name&quot;:&quot;ultimate-post_post-list-3&quot;}]\" data-pagi=\"[]\"><div  class=\"ultp-post-grid-block wp-block-ultimate-post-post-list-3 ultp-block-ddff87\"><div class=\"ultp-block-wrapper\"><div class=\"ultp-loading\"><div class=\"ultp-loading-blocks\" style=\"width:100%;height:100%;\"><div style=\"left: 0;top: 0;animation-delay:0s;\"><\/div><div style=\"left: 21px;top: 0;animation-delay:0.125s;\"><\/div><div style=\"left: 42px;top: 0;animation-delay:0.25s;\"><\/div><div style=\"left: 0;top: 21px;animation-delay:0.875s;\"><\/div><div style=\"left: 42px;top: 21px;animation-delay:0.375s;\"><\/div><div style=\"left: 0;top: 42px;animation-delay:0.75s;\"><\/div><div style=\"left: 42px;top: 42px;animation-delay:0.625s;\"><\/div><div style=\"left: 21px;top: 42px;animation-delay:0.5s;\"><\/div><\/div><\/div><div class=\"ultp-block-items-wrap ultp-block-row ultp-block-column-1 ultp-block-content-middle ultp-layout1\"><div class=\"ultp-block-item ultp-block-media post-id-4077\"><div class=\"ultp-block-content-wrap\"><div class=\"ultp-block-content\"><div class=\"ultp-block-meta ultp-block-meta-dot ultp-block-meta-icon\"><span class=\"ultp-block-date ultp-block-meta-element\"><svg xmlns=\"http:\/\/www.w3.org\/2000\/svg\" viewBox=\"0 0 18 19\"><path d=\"M4.60069444,4.09375 L3.25,4.09375 C2.47334957,4.09375 1.84375,4.72334957 1.84375,5.5 L1.84375,7.26736111 L16.15625,7.26736111 L16.15625,5.5 C16.15625,4.72334957 15.5266504,4.09375 14.75,4.09375 L13.3993056,4.09375 L13.3993056,4.55555556 C13.3993056,5.02154581 13.0215458,5.39930556 12.5555556,5.39930556 C12.0895653,5.39930556 11.7118056,5.02154581 11.7118056,4.55555556 L11.7118056,4.09375 L6.28819444,4.09375 L6.28819444,4.55555556 C6.28819444,5.02154581 5.9104347,5.39930556 5.44444444,5.39930556 C4.97845419,5.39930556 4.60069444,5.02154581 4.60069444,4.55555556 L4.60069444,4.09375 Z M6.28819444,2.40625 L11.7118056,2.40625 L11.7118056,1 C11.7118056,0.534009742 12.0895653,0.15625 12.5555556,0.15625 C13.0215458,0.15625 13.3993056,0.534009742 13.3993056,1 L13.3993056,2.40625 L14.75,2.40625 C16.4586309,2.40625 17.84375,3.79136906 17.84375,5.5 L17.84375,15.875 C17.84375,17.5836309 16.4586309,18.96875 14.75,18.96875 L3.25,18.96875 C1.54136906,18.96875 0.15625,17.5836309 0.15625,15.875 L0.15625,5.5 C0.15625,3.79136906 1.54136906,2.40625 3.25,2.40625 L4.60069444,2.40625 L4.60069444,1 C4.60069444,0.534009742 4.97845419,0.15625 5.44444444,0.15625 C5.9104347,0.15625 6.28819444,0.534009742 6.28819444,1 L6.28819444,2.40625 Z M1.84375,8.95486111 L1.84375,15.875 C1.84375,16.6516504 2.47334957,17.28125 3.25,17.28125 L14.75,17.28125 C15.5266504,17.28125 16.15625,16.6516504 16.15625,15.875 L16.15625,8.95486111 L1.84375,8.95486111 Z\"\/><\/svg>16 Outubro 2025<\/span><\/div><h3 class=\"ultp-block-title \"><a href=\"https:\/\/mcae.gov.tl\/pt-pt\/timor-leste-apresenta-atualizacao-sobre-os-progressos-rumo-a-adesao-ao-acordo-sobre-contratos-publicos-gpa-da-omc\/\" >Timor-Leste Apresenta Atualiza\u00e7\u00e3o sobre os Progressos Rumo \u00e0 Ades\u00e3o ao Acordo sobre Contratos P\u00fablicos (GPA) da OMC<\/a><\/h3><\/div><\/div><\/div><div class=\"ultp-block-item ultp-block-media post-id-3984\"><div class=\"ultp-block-content-wrap\"><div class=\"ultp-block-content\"><div class=\"ultp-block-meta ultp-block-meta-dot ultp-block-meta-icon\"><span class=\"ultp-block-date ultp-block-meta-element\"><svg xmlns=\"http:\/\/www.w3.org\/2000\/svg\" viewBox=\"0 0 18 19\"><path d=\"M4.60069444,4.09375 L3.25,4.09375 C2.47334957,4.09375 1.84375,4.72334957 1.84375,5.5 L1.84375,7.26736111 L16.15625,7.26736111 L16.15625,5.5 C16.15625,4.72334957 15.5266504,4.09375 14.75,4.09375 L13.3993056,4.09375 L13.3993056,4.55555556 C13.3993056,5.02154581 13.0215458,5.39930556 12.5555556,5.39930556 C12.0895653,5.39930556 11.7118056,5.02154581 11.7118056,4.55555556 L11.7118056,4.09375 L6.28819444,4.09375 L6.28819444,4.55555556 C6.28819444,5.02154581 5.9104347,5.39930556 5.44444444,5.39930556 C4.97845419,5.39930556 4.60069444,5.02154581 4.60069444,4.55555556 L4.60069444,4.09375 Z M6.28819444,2.40625 L11.7118056,2.40625 L11.7118056,1 C11.7118056,0.534009742 12.0895653,0.15625 12.5555556,0.15625 C13.0215458,0.15625 13.3993056,0.534009742 13.3993056,1 L13.3993056,2.40625 L14.75,2.40625 C16.4586309,2.40625 17.84375,3.79136906 17.84375,5.5 L17.84375,15.875 C17.84375,17.5836309 16.4586309,18.96875 14.75,18.96875 L3.25,18.96875 C1.54136906,18.96875 0.15625,17.5836309 0.15625,15.875 L0.15625,5.5 C0.15625,3.79136906 1.54136906,2.40625 3.25,2.40625 L4.60069444,2.40625 L4.60069444,1 C4.60069444,0.534009742 4.97845419,0.15625 5.44444444,0.15625 C5.9104347,0.15625 6.28819444,0.534009742 6.28819444,1 L6.28819444,2.40625 Z M1.84375,8.95486111 L1.84375,15.875 C1.84375,16.6516504 2.47334957,17.28125 3.25,17.28125 L14.75,17.28125 C15.5266504,17.28125 16.15625,16.6516504 16.15625,15.875 L16.15625,8.95486111 L1.84375,8.95486111 Z\"\/><\/svg>2 Outubro 2025<\/span><\/div><h3 class=\"ultp-block-title \"><a href=\"https:\/\/mcae.gov.tl\/pt-pt\/reuniao-do-coordenador-geral-do-gabinete-do-mcae-com-a-estrutura-do-ccd\/\" >O Coordenador-Geral do Gabinete do Ministro Coordenador dos Assuntos Econ\u00f3micos (MCAE) re\u00fane-se com a estrutura do Centro de Conven\u00e7\u00f5es de D\u00edli (CCD).<\/a><\/h3><\/div><\/div><\/div><div class=\"ultp-block-item ultp-block-media post-id-3511\"><div class=\"ultp-block-content-wrap\"><div class=\"ultp-block-content\"><div class=\"ultp-block-meta ultp-block-meta-dot ultp-block-meta-icon\"><span class=\"ultp-block-date ultp-block-meta-element\"><svg xmlns=\"http:\/\/www.w3.org\/2000\/svg\" viewBox=\"0 0 18 19\"><path d=\"M4.60069444,4.09375 L3.25,4.09375 C2.47334957,4.09375 1.84375,4.72334957 1.84375,5.5 L1.84375,7.26736111 L16.15625,7.26736111 L16.15625,5.5 C16.15625,4.72334957 15.5266504,4.09375 14.75,4.09375 L13.3993056,4.09375 L13.3993056,4.55555556 C13.3993056,5.02154581 13.0215458,5.39930556 12.5555556,5.39930556 C12.0895653,5.39930556 11.7118056,5.02154581 11.7118056,4.55555556 L11.7118056,4.09375 L6.28819444,4.09375 L6.28819444,4.55555556 C6.28819444,5.02154581 5.9104347,5.39930556 5.44444444,5.39930556 C4.97845419,5.39930556 4.60069444,5.02154581 4.60069444,4.55555556 L4.60069444,4.09375 Z M6.28819444,2.40625 L11.7118056,2.40625 L11.7118056,1 C11.7118056,0.534009742 12.0895653,0.15625 12.5555556,0.15625 C13.0215458,0.15625 13.3993056,0.534009742 13.3993056,1 L13.3993056,2.40625 L14.75,2.40625 C16.4586309,2.40625 17.84375,3.79136906 17.84375,5.5 L17.84375,15.875 C17.84375,17.5836309 16.4586309,18.96875 14.75,18.96875 L3.25,18.96875 C1.54136906,18.96875 0.15625,17.5836309 0.15625,15.875 L0.15625,5.5 C0.15625,3.79136906 1.54136906,2.40625 3.25,2.40625 L4.60069444,2.40625 L4.60069444,1 C4.60069444,0.534009742 4.97845419,0.15625 5.44444444,0.15625 C5.9104347,0.15625 6.28819444,0.534009742 6.28819444,1 L6.28819444,2.40625 Z M1.84375,8.95486111 L1.84375,15.875 C1.84375,16.6516504 2.47334957,17.28125 3.25,17.28125 L14.75,17.28125 C15.5266504,17.28125 16.15625,16.6516504 16.15625,15.875 L16.15625,8.95486111 L1.84375,8.95486111 Z\"\/><\/svg>17 Setembro 2025<\/span><\/div><h3 class=\"ultp-block-title \"><a href=\"https:\/\/mcae.gov.tl\/pt-pt\/hamutuk-ho-ami-iha-forum-investimentu-turizmu-timor-leste-2025-tempu-ba-asaun\/\" >Junte-se a n\u00f3s no F\u00f3rum de Investimento de Turismo de Timor-Leste 2025 \u2013 \u201cTempo de A\u00e7\u00e3o\u201d<\/a><\/h3><\/div><\/div><\/div><div class=\"ultp-block-item ultp-block-media post-id-4160\"><div class=\"ultp-block-content-wrap\"><div class=\"ultp-block-content\"><div class=\"ultp-block-meta ultp-block-meta-dot ultp-block-meta-icon\"><span class=\"ultp-block-date ultp-block-meta-element\"><svg xmlns=\"http:\/\/www.w3.org\/2000\/svg\" viewBox=\"0 0 18 19\"><path d=\"M4.60069444,4.09375 L3.25,4.09375 C2.47334957,4.09375 1.84375,4.72334957 1.84375,5.5 L1.84375,7.26736111 L16.15625,7.26736111 L16.15625,5.5 C16.15625,4.72334957 15.5266504,4.09375 14.75,4.09375 L13.3993056,4.09375 L13.3993056,4.55555556 C13.3993056,5.02154581 13.0215458,5.39930556 12.5555556,5.39930556 C12.0895653,5.39930556 11.7118056,5.02154581 11.7118056,4.55555556 L11.7118056,4.09375 L6.28819444,4.09375 L6.28819444,4.55555556 C6.28819444,5.02154581 5.9104347,5.39930556 5.44444444,5.39930556 C4.97845419,5.39930556 4.60069444,5.02154581 4.60069444,4.55555556 L4.60069444,4.09375 Z M6.28819444,2.40625 L11.7118056,2.40625 L11.7118056,1 C11.7118056,0.534009742 12.0895653,0.15625 12.5555556,0.15625 C13.0215458,0.15625 13.3993056,0.534009742 13.3993056,1 L13.3993056,2.40625 L14.75,2.40625 C16.4586309,2.40625 17.84375,3.79136906 17.84375,5.5 L17.84375,15.875 C17.84375,17.5836309 16.4586309,18.96875 14.75,18.96875 L3.25,18.96875 C1.54136906,18.96875 0.15625,17.5836309 0.15625,15.875 L0.15625,5.5 C0.15625,3.79136906 1.54136906,2.40625 3.25,2.40625 L4.60069444,2.40625 L4.60069444,1 C4.60069444,0.534009742 4.97845419,0.15625 5.44444444,0.15625 C5.9104347,0.15625 6.28819444,0.534009742 6.28819444,1 L6.28819444,2.40625 Z M1.84375,8.95486111 L1.84375,15.875 C1.84375,16.6516504 2.47334957,17.28125 3.25,17.28125 L14.75,17.28125 C15.5266504,17.28125 16.15625,16.6516504 16.15625,15.875 L16.15625,8.95486111 L1.84375,8.95486111 Z\"\/><\/svg>8 Setembro 2025<\/span><\/div><h3 class=\"ultp-block-title \"><a href=\"https:\/\/mcae.gov.tl\/pt-pt\/programa-7-minutos-entrevista-com-o-coordenador-geral-do-ministro-coordenador-dos-assuntos-economicos-mcae\/\" >Programa 7 Minutos \u2013 Entrevista com o Coordenador-Geral do Ministro Coordenador dos Assuntos Econ\u00f3micos (MCAE)<\/a><\/h3><\/div><\/div><\/div><div class=\"ultp-block-item ultp-block-media post-id-3930\"><div class=\"ultp-block-content-wrap\"><div class=\"ultp-block-content\"><div class=\"ultp-block-meta ultp-block-meta-dot ultp-block-meta-icon\"><span class=\"ultp-block-date ultp-block-meta-element\"><svg xmlns=\"http:\/\/www.w3.org\/2000\/svg\" viewBox=\"0 0 18 19\"><path d=\"M4.60069444,4.09375 L3.25,4.09375 C2.47334957,4.09375 1.84375,4.72334957 1.84375,5.5 L1.84375,7.26736111 L16.15625,7.26736111 L16.15625,5.5 C16.15625,4.72334957 15.5266504,4.09375 14.75,4.09375 L13.3993056,4.09375 L13.3993056,4.55555556 C13.3993056,5.02154581 13.0215458,5.39930556 12.5555556,5.39930556 C12.0895653,5.39930556 11.7118056,5.02154581 11.7118056,4.55555556 L11.7118056,4.09375 L6.28819444,4.09375 L6.28819444,4.55555556 C6.28819444,5.02154581 5.9104347,5.39930556 5.44444444,5.39930556 C4.97845419,5.39930556 4.60069444,5.02154581 4.60069444,4.55555556 L4.60069444,4.09375 Z M6.28819444,2.40625 L11.7118056,2.40625 L11.7118056,1 C11.7118056,0.534009742 12.0895653,0.15625 12.5555556,0.15625 C13.0215458,0.15625 13.3993056,0.534009742 13.3993056,1 L13.3993056,2.40625 L14.75,2.40625 C16.4586309,2.40625 17.84375,3.79136906 17.84375,5.5 L17.84375,15.875 C17.84375,17.5836309 16.4586309,18.96875 14.75,18.96875 L3.25,18.96875 C1.54136906,18.96875 0.15625,17.5836309 0.15625,15.875 L0.15625,5.5 C0.15625,3.79136906 1.54136906,2.40625 3.25,2.40625 L4.60069444,2.40625 L4.60069444,1 C4.60069444,0.534009742 4.97845419,0.15625 5.44444444,0.15625 C5.9104347,0.15625 6.28819444,0.534009742 6.28819444,1 L6.28819444,2.40625 Z M1.84375,8.95486111 L1.84375,15.875 C1.84375,16.6516504 2.47334957,17.28125 3.25,17.28125 L14.75,17.28125 C15.5266504,17.28125 16.15625,16.6516504 16.15625,15.875 L16.15625,8.95486111 L1.84375,8.95486111 Z\"\/><\/svg>8 Setembro 2025<\/span><\/div><h3 class=\"ultp-block-title \"><a href=\"https:\/\/mcae.gov.tl\/pt-pt\/mcae-facilita-formacao-em-contabilidade-para-o-setor-privado-sob-o-tema-inicie-o-seu-negocio\/\" >O MINISTRO COORDENADOR DOS ASSUNTOS ECON\u00d3MICOS (MCAE) Facilita Forma\u00e7\u00e3o em Contabilidade para o Setor Privado: \u201cStart Your Business\u201d.<\/a><\/h3><\/div><\/div><\/div><span style='display: none;' class='ultp-current-unique-posts' data-ultp-unique-ids= {\"group1\":[4077,3984,3511,4160,3930]} data-current-unique-posts= [4077,3984,3511,4160,3930]> <\/span><\/div><\/div><div class=\"pagination-block-html\" aria-hidden=\"true\" style=\"display: none;\"><\/div><\/div><\/div>\n<\/div><\/div>\n<\/div><\/div><\/div>\n<\/div><\/div>\n<\/div><\/div><\/div>\n<\/div><\/div>\n<\/div><\/div><\/div>\n<\/div><\/div>\n<\/div><\/div><\/div>\n<\/div>\n","protected":false},"excerpt":{"rendered":"","protected":false},"author":1,"featured_media":3013,"parent":0,"menu_order":0,"comment_status":"closed","ping_status":"closed","template":"","meta":{"om_disable_all_campaigns":false,"_monsterinsights_skip_tracking":false,"_monsterinsights_sitenote_active":false,"_monsterinsights_sitenote_note":"","_monsterinsights_sitenote_category":0,"footnotes":""},"class_list":["post-948","page","type-page","status-publish","has-post-thumbnail","hentry"],"_links":{"self":[{"href":"https:\/\/mcae.gov.tl\/pt-pt\/wp-json\/wp\/v2\/pages\/948","targetHints":{"allow":["GET"]}}],"collection":[{"href":"https:\/\/mcae.gov.tl\/pt-pt\/wp-json\/wp\/v2\/pages"}],"about":[{"href":"https:\/\/mcae.gov.tl\/pt-pt\/wp-json\/wp\/v2\/types\/page"}],"author":[{"embeddable":true,"href":"https:\/\/mcae.gov.tl\/pt-pt\/wp-json\/wp\/v2\/users\/1"}],"replies":[{"embeddable":true,"href":"https:\/\/mcae.gov.tl\/pt-pt\/wp-json\/wp\/v2\/comments?post=948"}],"version-history":[{"count":1,"href":"https:\/\/mcae.gov.tl\/pt-pt\/wp-json\/wp\/v2\/pages\/948\/revisions"}],"predecessor-version":[{"id":950,"href":"https:\/\/mcae.gov.tl\/pt-pt\/wp-json\/wp\/v2\/pages\/948\/revisions\/950"}],"wp:featuredmedia":[{"embeddable":true,"href":"https:\/\/mcae.gov.tl\/pt-pt\/wp-json\/wp\/v2\/media\/3013"}],"wp:attachment":[{"href":"https:\/\/mcae.gov.tl\/pt-pt\/wp-json\/wp\/v2\/media?parent=948"}],"curies":[{"name":"wp","href":"https:\/\/api.w.org\/{rel}","templated":true}]}}