{"id":1462,"date":"2025-05-20T13:26:17","date_gmt":"2025-05-20T04:26:17","guid":{"rendered":"https:\/\/testing17.apps.gov.tl\/history\/"},"modified":"2025-09-25T10:08:34","modified_gmt":"2025-09-25T01:08:34","slug":"istoria","status":"publish","type":"page","link":"https:\/\/mcae.gov.tl\/pt-pt\/sobre-mcae\/istoria\/","title":{"rendered":"Hist\u00f3ria"},"content":{"rendered":"\n<p>O IX Governo Constitucional tomou posse em 1 de julho de 2023, tornando-se um instrumento pol\u00edtico que, ao longo dos cinco anos do seu mandato, seguir\u00e1 o caminho tra\u00e7ado por Timor-Leste para cumprir a &#8220;Agenda 2030 de Desenvolvimento Sustent\u00e1vel da Organiza\u00e7\u00e3o das Na\u00e7\u00f5es Unidas&#8221; e o Plano Estrat\u00e9gico de Desenvolvimento (2011-2030), visando alcan\u00e7ar avan\u00e7os significativos em desenvolvimento sustent\u00e1vel e efetivo desenvolvimento social. Assim, o Decreto-Lei n.\u00ba 46\/2023, de 28 de Julho, integrou o cargo de Ministro Coordenador dos Assuntos Econ\u00f3micos, o Sr. Francisco Kalbuadi Lay, que tamb\u00e9m assume outros importantes cargos como o Vice-Primeiro-Ministro e Ministro do Turismo e Ambiente na Org\u00e2nica do IX Governo Constitucional.<\/p>\n\n\n\n<p>\u00c9 importante recordar tamb\u00e9m que o cargo do Ministro Coordenador dos assuntos Econ\u00f3micos foi criado durante o VI Governo Constitucional de Timor-Leste, pelo Decreto-Lei n.\u00ba 6\/2015, de 11 de mar\u00e7o. Este cargo coadjuvava o Primeiro-Ministro na supervis\u00e3o da pol\u00edtica geral das \u00e1reas de governa\u00e7\u00e3o com cariz eminentemente econ\u00f3mico. Contudo, este cargo n\u00e3o estava presente no Governo seguinte. Somente no VIII Governo Constitucional foi estabelecida a cria\u00e7\u00e3o do cargo do Ministro Coordenador dos Assuntos Econ\u00f3micos pelo Decreto-Lei n.\u00ba 16\/2018, de 19 de dezembro, com o objetivo de promover o desenvolvimento do setor econ\u00f3mico de Timor-Leste.<\/p>\n\n\n\n<p>O objetivo de manter este cargo visa dar continuidade \u00e0 implementa\u00e7\u00e3o dos programas, aprimorando-os e buscando iniciar o trabalho de maneira ativa e construtiva na \u00e1rea de economia diante da necessidade de um crescimento econ\u00f3mico acelerado e da garantia de que toda a popula\u00e7\u00e3o beneficie do desenvolvimento econ\u00f3mico. Pois, esta, \u00e9 uma das \u00e1reas fundamentais que ser\u00e1 investida pelo IX Governo Constitucional para dar resposta a necessidades da popula\u00e7\u00e3o.<\/p>\n\n\n\n<p>Com a ades\u00e3o de Timor-Leste \u00e0 Organiza\u00e7\u00e3o Mundial do Com\u00e9rcio (OMC), no ano de 2024, e a prepara\u00e7\u00e3o para a integra\u00e7\u00e3o na ASEAN no ano de 2025, o Ministro Coordenador dos Assuntos Econ\u00f3micos desempenha um papel fundamental em um passo crucial que representa um avan\u00e7o significativo nos \u00e2mbitos econ\u00f3mico e social do pa\u00eds. Este papel fundamental \u00e9 essencial para conduzir a na\u00e7\u00e3o atrav\u00e9s de um per\u00edodo de transforma\u00e7\u00e3o econ\u00f3mica e de avan\u00e7o social sem precedentes.<\/p>\n","protected":false},"excerpt":{"rendered":"<p>O IX Governo Constitucional tomou posse em 1 de julho de 2023, tornando-se um instrumento pol\u00edtico que, ao longo dos&#8230;<\/p>\n","protected":false},"author":1,"featured_media":1460,"parent":2385,"menu_order":4,"comment_status":"closed","ping_status":"closed","template":"","meta":{"om_disable_all_campaigns":false,"_monsterinsights_skip_tracking":false,"_monsterinsights_sitenote_active":false,"_monsterinsights_sitenote_note":"","_monsterinsights_sitenote_category":0,"footnotes":""},"class_list":["post-1462","page","type-page","status-publish","has-post-thumbnail","hentry"],"_links":{"self":[{"href":"https:\/\/mcae.gov.tl\/pt-pt\/wp-json\/wp\/v2\/pages\/1462","targetHints":{"allow":["GET"]}}],"collection":[{"href":"https:\/\/mcae.gov.tl\/pt-pt\/wp-json\/wp\/v2\/pages"}],"about":[{"href":"https:\/\/mcae.gov.tl\/pt-pt\/wp-json\/wp\/v2\/types\/page"}],"author":[{"embeddable":true,"href":"https:\/\/mcae.gov.tl\/pt-pt\/wp-json\/wp\/v2\/users\/1"}],"replies":[{"embeddable":true,"href":"https:\/\/mcae.gov.tl\/pt-pt\/wp-json\/wp\/v2\/comments?post=1462"}],"version-history":[{"count":3,"href":"https:\/\/mcae.gov.tl\/pt-pt\/wp-json\/wp\/v2\/pages\/1462\/revisions"}],"predecessor-version":[{"id":3744,"href":"https:\/\/mcae.gov.tl\/pt-pt\/wp-json\/wp\/v2\/pages\/1462\/revisions\/3744"}],"up":[{"embeddable":true,"href":"https:\/\/mcae.gov.tl\/pt-pt\/wp-json\/wp\/v2\/pages\/2385"}],"wp:featuredmedia":[{"embeddable":true,"href":"https:\/\/mcae.gov.tl\/pt-pt\/wp-json\/wp\/v2\/media\/1460"}],"wp:attachment":[{"href":"https:\/\/mcae.gov.tl\/pt-pt\/wp-json\/wp\/v2\/media?parent=1462"}],"curies":[{"name":"wp","href":"https:\/\/api.w.org\/{rel}","templated":true}]}}